{"id":319,"date":"2025-04-09T07:14:16","date_gmt":"2025-04-09T07:14:16","guid":{"rendered":"https:\/\/www.ibisizmir.com\/?page_id=319"},"modified":"2026-03-12T11:54:57","modified_gmt":"2026-03-12T11:54:57","slug":"mermer-fuari","status":"publish","type":"page","link":"https:\/\/www.ibisizmir.com\/tr\/mermer-fuari\/","title":{"rendered":"Mermer Fuar\u0131"},"content":{"rendered":"<h2 data-start=\"155\" data-end=\"227\">Mermer Fuar\u0131 Ziyaret\u00e7ilerine \u00d6zel: ALL \u00dcyelerine %5 \u0130ndirim F\u0131rsat\u0131!<\/h2>\n<p class=\"\" data-start=\"229\" data-end=\"480\">14-17 Nisan 2026 tarihleri aras\u0131nda \u0130zmir\u2019de ger\u00e7ekle\u015fecek <strong data-start=\"287\" data-end=\"344\">Marble \u2013 Uluslararas\u0131 Do\u011falta\u015f ve Teknolojileri Fuar\u0131<\/strong>\u2019na kat\u0131lmay\u0131 m\u0131 planl\u0131yorsunuz? Konaklaman\u0131z\u0131 Ibis \u0130zmir Alsancak\u2019ta yaparak hem konforu hem de avantajlar\u0131 bir arada ya\u015fayabilirsiniz!<\/p>\n<p class=\"\" data-start=\"482\" data-end=\"670\"><strong data-start=\"482\" data-end=\"543\">Accor\u2019un sadakat program\u0131 olan ALL \u2013 Accor Live Limitless<\/strong> \u00fcyelerine \u00f6zel <strong data-start=\"559\" data-end=\"581\">%5 indirim f\u0131rsat\u0131<\/strong> ile hem tasarruf edin hem de \u0130zmir\u2019in merkezinde rahat bir konaklaman\u0131n keyfini \u00e7\u0131kar\u0131n.<\/p>\n<p class=\"\" data-start=\"672\" data-end=\"876\">ALL \u00fcyesi de\u011filseniz, <strong data-start=\"694\" data-end=\"717\">\u00fccretsiz \u00fcye olarak<\/strong> bu ayr\u0131cal\u0131ktan hemen yararlanabilirsiniz.<br data-start=\"760\" data-end=\"763\" \/>\ud83d\udc49 <a class=\"cursor-pointer\" href=\"https:\/\/all.accor.com\/hotel\/8158\/index.tr.shtml\" target=\"_blank\" rel=\"noopener\" data-start=\"766\" data-end=\"798\">all.com<\/a> \u00fczerinden kolayca \u00fcye olun, en iyi fiyat garantisiyle rezervasyonunuzu yap\u0131n.<\/p>\n<p class=\"\" data-start=\"878\" data-end=\"917\"><strong data-start=\"878\" data-end=\"914\">Avantajl\u0131 ALL \u00fcyesi fiyatlar\u0131yla<\/strong>:<\/p>\n<ul data-start=\"918\" data-end=\"1062\">\n<li class=\"\" data-start=\"918\" data-end=\"968\">\n<p class=\"\" data-start=\"920\" data-end=\"968\">Ibis kalitesini daha uygun fiyata deneyimleyin<\/p>\n<\/li>\n<li class=\"\" data-start=\"969\" data-end=\"1009\">\n<p class=\"\" data-start=\"971\" data-end=\"1009\">Fuar merkezine kolay eri\u015fim sa\u011flay\u0131n<\/p>\n<\/li>\n<li class=\"\" data-start=\"1010\" data-end=\"1062\">\n<p class=\"\" data-start=\"1012\" data-end=\"1062\">Puan kazan\u0131n ve bir sonraki seyahatinizde kullan\u0131n<\/p>\n<\/li>\n<\/ul>\n<h3>Mermer Fuar\u0131 2026\u2019da \u0130zmir&#8217;de Konaklaman\u0131n En Konforlu Adresi: Ibis \u0130zmir Alsancak<\/h3>\n<p>T\u00fcrkiye\u2019nin ve d\u00fcnyan\u0131n en \u00f6nemli do\u011fal ta\u015f fuarlar\u0131ndan biri olan <strong data-start=\"332\" data-end=\"395\">Marble \u0130zmir \u2013 Uluslararas\u0131 Do\u011falta\u015f ve Teknolojileri Fuar\u0131<\/strong>, 2025 y\u0131l\u0131nda da sekt\u00f6r profesyonellerini \u0130zmir\u2019de bulu\u015fturuyor. 9-12 Nisan 2025 tarihleri aras\u0131nda <strong data-start=\"496\" data-end=\"510\">Fuar \u0130zmir<\/strong>&#8216;de ger\u00e7ekle\u015fecek fuar, binlerce yerli ve yabanc\u0131 ziyaret\u00e7iye ev sahipli\u011fi yapmaya haz\u0131rlan\u0131yor.<\/p>\n<p class=\"\" data-start=\"608\" data-end=\"954\">\u0130zmir Fuar Merkezi\u2019ne kolay ula\u015f\u0131m imk\u00e2n\u0131 sunan merkezi konumuyla \u00f6ne \u00e7\u0131kan <strong data-start=\"684\" data-end=\"707\">Ibis \u0130zmir Alsancak<\/strong>, fuar kat\u0131l\u0131mc\u0131lar\u0131na ve ziyaret\u00e7ilerine konforlu ve pratik bir konaklama deneyimi sunuyor. <strong data-start=\"800\" data-end=\"879\">Alsancak Liman\u0131\u2019na, Kordon\u2019a ve toplu ta\u015f\u0131ma duraklar\u0131na y\u00fcr\u00fcme mesafesinde<\/strong> yer alan otelimizden Fuar \u0130zmir\u2019e ula\u015f\u0131m, metro veya ara\u00e7la olduk\u00e7a kolay.<\/p>\n<p class=\"\" data-start=\"956\" data-end=\"1009\">Ibis \u0130zmir Alsancak\u2019ta sizleri bekleyen ayr\u0131cal\u0131klar:<\/p>\n<ul data-start=\"1010\" data-end=\"1248\">\n<li class=\"\" data-start=\"1010\" data-end=\"1036\">\n<p class=\"\" data-start=\"1012\" data-end=\"1036\">Modern ve rahat odalar<\/p>\n<\/li>\n<li class=\"\" data-start=\"1037\" data-end=\"1096\">\n<p class=\"\" data-start=\"1039\" data-end=\"1096\">A\u00e7\u0131k b\u00fcfe kahvalt\u0131 ve g\u00fcn boyu at\u0131\u015ft\u0131rmal\u0131k se\u00e7enekleri<\/p>\n<\/li>\n<li class=\"\" data-start=\"1097\" data-end=\"1124\">\n<p class=\"\" data-start=\"1099\" data-end=\"1124\">H\u0131zl\u0131 ve \u00fccretsiz Wi-Fi<\/p>\n<\/li>\n<li class=\"\" data-start=\"1125\" data-end=\"1161\">\n<p class=\"\" data-start=\"1127\" data-end=\"1161\">7\/24 a\u00e7\u0131k resepsiyon ve g\u00fcvenlik<\/p>\n<\/li>\n<li class=\"\" data-start=\"1162\" data-end=\"1202\">\n<p class=\"\" data-start=\"1164\" data-end=\"1202\">\u0130\u015f seyahatine uygun \u00e7al\u0131\u015fma alanlar\u0131<\/p>\n<\/li>\n<li class=\"\" data-start=\"1203\" data-end=\"1248\">\n<p class=\"\" data-start=\"1205\" data-end=\"1248\">Uygun fiyatl\u0131 ve kaliteli hizmet anlay\u0131\u015f\u0131<\/p>\n<\/li>\n<\/ul>\n<p class=\"\" data-start=\"1250\" data-end=\"1438\"><strong data-start=\"1250\" data-end=\"1271\">Marble \u0130zmir 2026<\/strong>\u00a0i\u00e7in \u015fimdiden yerinizi ay\u0131rt\u0131n, \u015fehrin kalbinde stressiz ve keyifli bir konaklaman\u0131n tad\u0131n\u0131 \u00e7\u0131kar\u0131n.<br data-start=\"1372\" data-end=\"1375\" \/>\ud83d\udccd <strong data-start=\"1378\" data-end=\"1438\">Ibis \u0130zmir Alsancak &#8211; \u0130\u015f Seyahatlerinin G\u00fcvendi\u011fi Adres.<\/strong><\/p>\n<div>\n<div>\n<div>\n<div>\n<div>\n<div>\n<div><\/div>\n<\/div>\n<div>\n<div>\n<p>&nbsp;<\/p>\n<\/div>\n<\/div>\n<\/div>\n<\/div>\n<\/div>\n<\/div>\n<\/div>\n","protected":false},"excerpt":{"rendered":"<p>Mermer Fuar\u0131 Ziyaret\u00e7ilerine \u00d6zel: ALL \u00dcyelerine %5 \u0130ndirim F\u0131rsat\u0131! 14-17 Nisan 2026 tarihleri aras\u0131nda \u0130zmir\u2019de ger\u00e7ekle\u015fecek Marble \u2013 Uluslararas\u0131 Do\u011falta\u015f ve Teknolojileri Fuar\u0131\u2019na kat\u0131lmay\u0131 m\u0131 planl\u0131yorsunuz? Konaklaman\u0131z\u0131 Ibis \u0130zmir Alsancak\u2019ta yaparak hem konforu hem de avantajlar\u0131 bir arada ya\u015fayabilirsiniz! Accor\u2019un sadakat program\u0131 olan ALL \u2013 Accor Live Limitless \u00fcyelerine \u00f6zel %5 indirim f\u0131rsat\u0131 ile hem [&hellip;]<\/p>\n","protected":false},"author":95,"featured_media":0,"parent":0,"menu_order":0,"comment_status":"closed","ping_status":"closed","template":"","meta":{"footnotes":""},"categories":[],"class_list":["post-319","page","type-page","status-publish","hentry"],"acf":[],"yoast_head":"<!-- This site is optimized with the Yoast SEO plugin v26.9 - https:\/\/yoast.com\/product\/yoast-seo-wordpress\/ -->\n<title>Mermer Fuar\u0131 &#8211; Ibis Izmir Alsancak &#8211;<\/title>\n<meta name=\"description\" content=\"Mermer Fuar\u0131 Ziyaret\u00e7ilerine \u00d6zel: ALL \u00dcyelerine %5 \u0130ndirim F\u0131rsat\u0131! 14-17 Nisan 2026 tarihleri aras\u0131nda \u0130zmir\u2019de ger\u00e7ekle\u015fecek Marble \u2013 Uluslararas\u0131 Do\u011falta\u015f ve Teknolojileri Fuar\u0131\u2019na kat\u0131lmay\u0131 m\u0131 planl\u0131yorsunuz? Konaklaman\u0131z\u0131 Ibis \u0130zmir Alsancak\u2019ta yaparak hem konforu hem de avantajlar\u0131 bir arada ya\u015fayabilirsiniz! Accor\u2019un sadakat program\u0131 olan ALL \u2013 Accor Live Limitless \u00fcyelerine \u00f6zel %5 indirim f\u0131rsat\u0131 ile hem tasarruf edin hem de \u0130zmir\u2019in merkezinde rahat bir konaklaman\u0131n keyfini \u00e7\u0131kar\u0131n. ALL \u00fcyesi de\u011filseniz, \u00fccretsiz \u00fcye olarak bu ayr\u0131cal\u0131ktan hemen yararlanabilirsiniz.\ud83d\udc49 all.com \u00fczerinden kolayca \u00fcye olun, en iyi fiyat garantisiyle rezervasyonunuzu yap\u0131n. Avantajl\u0131 ALL \u00fcyesi fiyatlar\u0131yla:     Ibis kalitesini daha uygun fiyata deneyimleyin    Fuar merkezine kolay eri\u015fim sa\u011flay\u0131n    Puan kazan\u0131n ve bir sonraki seyahatinizde kullan\u0131n   Mermer Fuar\u0131 2026\u2019da \u0130zmir&#039;de Konaklaman\u0131n En Konforlu Adresi: Ibis \u0130zmir Alsancak T\u00fcrkiye\u2019nin ve d\u00fcnyan\u0131n en \u00f6nemli do\u011fal ta\u015f fuarlar\u0131ndan biri olan Marble \u0130zmir \u2013 Uluslararas\u0131 Do\u011falta\u015f ve Teknolojileri Fuar\u0131, 2025 y\u0131l\u0131nda da sekt\u00f6r profesyonellerini \u0130zmir\u2019de bulu\u015fturuyor. 9-12 Nisan 2025 tarihleri aras\u0131nda Fuar \u0130zmir&#039;de ger\u00e7ekle\u015fecek fuar, binlerce yerli ve yabanc\u0131 ziyaret\u00e7iye ev sahipli\u011fi yapmaya haz\u0131rlan\u0131yor. \u0130zmir Fuar Merkezi\u2019ne kolay ula\u015f\u0131m imk\u00e2n\u0131 sunan merkezi konumuyla \u00f6ne \u00e7\u0131kan Ibis \u0130zmir Alsancak, fuar kat\u0131l\u0131mc\u0131lar\u0131na ve ziyaret\u00e7ilerine konforlu ve pratik bir konaklama deneyimi sunuyor\" \/>\n<meta name=\"robots\" content=\"index, follow, max-snippet:-1, max-image-preview:large, max-video-preview:-1\" \/>\n<link rel=\"canonical\" href=\"https:\/\/www.ibisizmir.com\/tr\/mermer-fuari\/\" \/>\n<meta property=\"og:locale\" content=\"tr_TR\" \/>\n<meta property=\"og:type\" content=\"article\" \/>\n<meta property=\"og:title\" content=\"Mermer Fuar\u0131 &#8211; Ibis Izmir Alsancak &#8211;\" \/>\n<meta property=\"og:description\" content=\"Mermer Fuar\u0131 Ziyaret\u00e7ilerine \u00d6zel: ALL \u00dcyelerine %5 \u0130ndirim F\u0131rsat\u0131! 14-17 Nisan 2026 tarihleri aras\u0131nda \u0130zmir\u2019de ger\u00e7ekle\u015fecek Marble \u2013 Uluslararas\u0131 Do\u011falta\u015f ve Teknolojileri Fuar\u0131\u2019na kat\u0131lmay\u0131 m\u0131 planl\u0131yorsunuz? Konaklaman\u0131z\u0131 Ibis \u0130zmir Alsancak\u2019ta yaparak hem konforu hem de avantajlar\u0131 bir arada ya\u015fayabilirsiniz! Accor\u2019un sadakat program\u0131 olan ALL \u2013 Accor Live Limitless \u00fcyelerine \u00f6zel %5 indirim f\u0131rsat\u0131 ile hem tasarruf edin hem de \u0130zmir\u2019in merkezinde rahat bir konaklaman\u0131n keyfini \u00e7\u0131kar\u0131n. ALL \u00fcyesi de\u011filseniz, \u00fccretsiz \u00fcye olarak bu ayr\u0131cal\u0131ktan hemen yararlanabilirsiniz.\ud83d\udc49 all.com \u00fczerinden kolayca \u00fcye olun, en iyi fiyat garantisiyle rezervasyonunuzu yap\u0131n. Avantajl\u0131 ALL \u00fcyesi fiyatlar\u0131yla:     Ibis kalitesini daha uygun fiyata deneyimleyin    Fuar merkezine kolay eri\u015fim sa\u011flay\u0131n    Puan kazan\u0131n ve bir sonraki seyahatinizde kullan\u0131n   Mermer Fuar\u0131 2026\u2019da \u0130zmir&#039;de Konaklaman\u0131n En Konforlu Adresi: Ibis \u0130zmir Alsancak T\u00fcrkiye\u2019nin ve d\u00fcnyan\u0131n en \u00f6nemli do\u011fal ta\u015f fuarlar\u0131ndan biri olan Marble \u0130zmir \u2013 Uluslararas\u0131 Do\u011falta\u015f ve Teknolojileri Fuar\u0131, 2025 y\u0131l\u0131nda da sekt\u00f6r profesyonellerini \u0130zmir\u2019de bulu\u015fturuyor. 9-12 Nisan 2025 tarihleri aras\u0131nda Fuar \u0130zmir&#039;de ger\u00e7ekle\u015fecek fuar, binlerce yerli ve yabanc\u0131 ziyaret\u00e7iye ev sahipli\u011fi yapmaya haz\u0131rlan\u0131yor. \u0130zmir Fuar Merkezi\u2019ne kolay ula\u015f\u0131m imk\u00e2n\u0131 sunan merkezi konumuyla \u00f6ne \u00e7\u0131kan Ibis \u0130zmir Alsancak, fuar kat\u0131l\u0131mc\u0131lar\u0131na ve ziyaret\u00e7ilerine konforlu ve pratik bir konaklama deneyimi sunuyor\" \/>\n<meta property=\"og:url\" content=\"https:\/\/www.ibisizmir.com\/tr\/mermer-fuari\/\" \/>\n<meta property=\"og:site_name\" content=\"Ibis Izmir Alsancak\" \/>\n<meta property=\"article:modified_time\" content=\"2026-03-12T11:54:57+00:00\" \/>\n<meta property=\"og:image\" content=\"https:\/\/www.ibisizmir.com\/wp-content\/uploads\/sites\/61\/2023\/09\/ibis_izmir_home_slide02.jpg\" \/>\n\t<meta property=\"og:image:width\" content=\"2200\" \/>\n\t<meta property=\"og:image:height\" content=\"1200\" \/>\n\t<meta property=\"og:image:type\" content=\"image\/jpeg\" \/>\n<meta name=\"twitter:card\" content=\"summary_large_image\" \/>\n<meta name=\"twitter:label1\" content=\"Tahmini okuma s\u00fcresi\" \/>\n\t<meta name=\"twitter:data1\" content=\"2 dakika\" \/>\n<script type=\"application\/ld+json\" class=\"yoast-schema-graph\">{\"@context\":\"https:\/\/schema.org\",\"@graph\":[{\"@type\":\"WebPage\",\"@id\":\"https:\/\/www.ibisizmir.com\/tr\/mermer-fuari\/\",\"url\":\"https:\/\/www.ibisizmir.com\/tr\/mermer-fuari\/\",\"name\":\"Mermer Fuar\u0131 &#8211; Ibis Izmir Alsancak &#8211;\",\"isPartOf\":{\"@id\":\"https:\/\/www.ibisizmir.com\/#website\"},\"datePublished\":\"2025-04-09T07:14:16+00:00\",\"dateModified\":\"2026-03-12T11:54:57+00:00\",\"description\":\"Mermer Fuar\u0131 Ziyaret\u00e7ilerine \u00d6zel: ALL \u00dcyelerine %5 \u0130ndirim F\u0131rsat\u0131! 14-17 Nisan 2026 tarihleri aras\u0131nda \u0130zmir\u2019de ger\u00e7ekle\u015fecek Marble \u2013 Uluslararas\u0131 Do\u011falta\u015f ve Teknolojileri Fuar\u0131\u2019na kat\u0131lmay\u0131 m\u0131 planl\u0131yorsunuz? Konaklaman\u0131z\u0131 Ibis \u0130zmir Alsancak\u2019ta yaparak hem konforu hem de avantajlar\u0131 bir arada ya\u015fayabilirsiniz! Accor\u2019un sadakat program\u0131 olan ALL \u2013 Accor Live Limitless \u00fcyelerine \u00f6zel %5 indirim f\u0131rsat\u0131 ile hem tasarruf edin hem de \u0130zmir\u2019in merkezinde rahat bir konaklaman\u0131n keyfini \u00e7\u0131kar\u0131n. ALL \u00fcyesi de\u011filseniz, \u00fccretsiz \u00fcye olarak bu ayr\u0131cal\u0131ktan hemen yararlanabilirsiniz.\ud83d\udc49 all.com \u00fczerinden kolayca \u00fcye olun, en iyi fiyat garantisiyle rezervasyonunuzu yap\u0131n. Avantajl\u0131 ALL \u00fcyesi fiyatlar\u0131yla: \u2022 Ibis kalitesini daha uygun fiyata deneyimleyin \u2022 Fuar merkezine kolay eri\u015fim sa\u011flay\u0131n \u2022 Puan kazan\u0131n ve bir sonraki seyahatinizde kullan\u0131n Mermer Fuar\u0131 2026\u2019da \u0130zmir'de Konaklaman\u0131n En Konforlu Adresi: Ibis \u0130zmir Alsancak T\u00fcrkiye\u2019nin ve d\u00fcnyan\u0131n en \u00f6nemli do\u011fal ta\u015f fuarlar\u0131ndan biri olan Marble \u0130zmir \u2013 Uluslararas\u0131 Do\u011falta\u015f ve Teknolojileri Fuar\u0131, 2025 y\u0131l\u0131nda da sekt\u00f6r profesyonellerini \u0130zmir\u2019de bulu\u015fturuyor. 9-12 Nisan 2025 tarihleri aras\u0131nda Fuar \u0130zmir'de ger\u00e7ekle\u015fecek fuar, binlerce yerli ve yabanc\u0131 ziyaret\u00e7iye ev sahipli\u011fi yapmaya haz\u0131rlan\u0131yor. \u0130zmir Fuar Merkezi\u2019ne kolay ula\u015f\u0131m imk\u00e2n\u0131 sunan merkezi konumuyla \u00f6ne \u00e7\u0131kan Ibis \u0130zmir Alsancak, fuar kat\u0131l\u0131mc\u0131lar\u0131na ve ziyaret\u00e7ilerine konforlu ve pratik bir konaklama deneyimi sunuyor\",\"breadcrumb\":{\"@id\":\"https:\/\/www.ibisizmir.com\/tr\/mermer-fuari\/#breadcrumb\"},\"inLanguage\":\"tr\",\"potentialAction\":[{\"@type\":\"ReadAction\",\"target\":[\"https:\/\/www.ibisizmir.com\/tr\/mermer-fuari\/\"]}]},{\"@type\":\"BreadcrumbList\",\"@id\":\"https:\/\/www.ibisizmir.com\/tr\/mermer-fuari\/#breadcrumb\",\"itemListElement\":[{\"@type\":\"ListItem\",\"position\":1,\"name\":\"Home\",\"item\":\"https:\/\/www.ibisizmir.com\/tr\/\"},{\"@type\":\"ListItem\",\"position\":2,\"name\":\"Mermer Fuar\u0131\"}]},{\"@type\":\"WebSite\",\"@id\":\"https:\/\/www.ibisizmir.com\/#website\",\"url\":\"https:\/\/www.ibisizmir.com\/\",\"name\":\"Ibis Izmir Alsancak\",\"description\":\"\",\"potentialAction\":[{\"@type\":\"SearchAction\",\"target\":{\"@type\":\"EntryPoint\",\"urlTemplate\":\"https:\/\/www.ibisizmir.com\/?s={search_term_string}\"},\"query-input\":{\"@type\":\"PropertyValueSpecification\",\"valueRequired\":true,\"valueName\":\"search_term_string\"}}],\"inLanguage\":\"tr\"}]}<\/script>\n<!-- \/ Yoast SEO plugin. -->","yoast_head_json":{"title":"Mermer Fuar\u0131 &#8211; Ibis Izmir Alsancak &#8211;","description":"Mermer Fuar\u0131 Ziyaret\u00e7ilerine \u00d6zel: ALL \u00dcyelerine %5 \u0130ndirim F\u0131rsat\u0131! 14-17 Nisan 2026 tarihleri aras\u0131nda \u0130zmir\u2019de ger\u00e7ekle\u015fecek Marble \u2013 Uluslararas\u0131 Do\u011falta\u015f ve Teknolojileri Fuar\u0131\u2019na kat\u0131lmay\u0131 m\u0131 planl\u0131yorsunuz? Konaklaman\u0131z\u0131 Ibis \u0130zmir Alsancak\u2019ta yaparak hem konforu hem de avantajlar\u0131 bir arada ya\u015fayabilirsiniz! Accor\u2019un sadakat program\u0131 olan ALL \u2013 Accor Live Limitless \u00fcyelerine \u00f6zel %5 indirim f\u0131rsat\u0131 ile hem tasarruf edin hem de \u0130zmir\u2019in merkezinde rahat bir konaklaman\u0131n keyfini \u00e7\u0131kar\u0131n. ALL \u00fcyesi de\u011filseniz, \u00fccretsiz \u00fcye olarak bu ayr\u0131cal\u0131ktan hemen yararlanabilirsiniz.\ud83d\udc49 all.com \u00fczerinden kolayca \u00fcye olun, en iyi fiyat garantisiyle rezervasyonunuzu yap\u0131n. Avantajl\u0131 ALL \u00fcyesi fiyatlar\u0131yla:     Ibis kalitesini daha uygun fiyata deneyimleyin    Fuar merkezine kolay eri\u015fim sa\u011flay\u0131n    Puan kazan\u0131n ve bir sonraki seyahatinizde kullan\u0131n   Mermer Fuar\u0131 2026\u2019da \u0130zmir'de Konaklaman\u0131n En Konforlu Adresi: Ibis \u0130zmir Alsancak T\u00fcrkiye\u2019nin ve d\u00fcnyan\u0131n en \u00f6nemli do\u011fal ta\u015f fuarlar\u0131ndan biri olan Marble \u0130zmir \u2013 Uluslararas\u0131 Do\u011falta\u015f ve Teknolojileri Fuar\u0131, 2025 y\u0131l\u0131nda da sekt\u00f6r profesyonellerini \u0130zmir\u2019de bulu\u015fturuyor. 9-12 Nisan 2025 tarihleri aras\u0131nda Fuar \u0130zmir'de ger\u00e7ekle\u015fecek fuar, binlerce yerli ve yabanc\u0131 ziyaret\u00e7iye ev sahipli\u011fi yapmaya haz\u0131rlan\u0131yor. \u0130zmir Fuar Merkezi\u2019ne kolay ula\u015f\u0131m imk\u00e2n\u0131 sunan merkezi konumuyla \u00f6ne \u00e7\u0131kan Ibis \u0130zmir Alsancak, fuar kat\u0131l\u0131mc\u0131lar\u0131na ve ziyaret\u00e7ilerine konforlu ve pratik bir konaklama deneyimi sunuyor","robots":{"index":"index","follow":"follow","max-snippet":"max-snippet:-1","max-image-preview":"max-image-preview:large","max-video-preview":"max-video-preview:-1"},"canonical":"https:\/\/www.ibisizmir.com\/tr\/mermer-fuari\/","og_locale":"tr_TR","og_type":"article","og_title":"Mermer Fuar\u0131 &#8211; Ibis Izmir Alsancak &#8211;","og_description":"Mermer Fuar\u0131 Ziyaret\u00e7ilerine \u00d6zel: ALL \u00dcyelerine %5 \u0130ndirim F\u0131rsat\u0131! 14-17 Nisan 2026 tarihleri aras\u0131nda \u0130zmir\u2019de ger\u00e7ekle\u015fecek Marble \u2013 Uluslararas\u0131 Do\u011falta\u015f ve Teknolojileri Fuar\u0131\u2019na kat\u0131lmay\u0131 m\u0131 planl\u0131yorsunuz? Konaklaman\u0131z\u0131 Ibis \u0130zmir Alsancak\u2019ta yaparak hem konforu hem de avantajlar\u0131 bir arada ya\u015fayabilirsiniz! Accor\u2019un sadakat program\u0131 olan ALL \u2013 Accor Live Limitless \u00fcyelerine \u00f6zel %5 indirim f\u0131rsat\u0131 ile hem tasarruf edin hem de \u0130zmir\u2019in merkezinde rahat bir konaklaman\u0131n keyfini \u00e7\u0131kar\u0131n. ALL \u00fcyesi de\u011filseniz, \u00fccretsiz \u00fcye olarak bu ayr\u0131cal\u0131ktan hemen yararlanabilirsiniz.\ud83d\udc49 all.com \u00fczerinden kolayca \u00fcye olun, en iyi fiyat garantisiyle rezervasyonunuzu yap\u0131n. Avantajl\u0131 ALL \u00fcyesi fiyatlar\u0131yla:     Ibis kalitesini daha uygun fiyata deneyimleyin    Fuar merkezine kolay eri\u015fim sa\u011flay\u0131n    Puan kazan\u0131n ve bir sonraki seyahatinizde kullan\u0131n   Mermer Fuar\u0131 2026\u2019da \u0130zmir'de Konaklaman\u0131n En Konforlu Adresi: Ibis \u0130zmir Alsancak T\u00fcrkiye\u2019nin ve d\u00fcnyan\u0131n en \u00f6nemli do\u011fal ta\u015f fuarlar\u0131ndan biri olan Marble \u0130zmir \u2013 Uluslararas\u0131 Do\u011falta\u015f ve Teknolojileri Fuar\u0131, 2025 y\u0131l\u0131nda da sekt\u00f6r profesyonellerini \u0130zmir\u2019de bulu\u015fturuyor. 9-12 Nisan 2025 tarihleri aras\u0131nda Fuar \u0130zmir'de ger\u00e7ekle\u015fecek fuar, binlerce yerli ve yabanc\u0131 ziyaret\u00e7iye ev sahipli\u011fi yapmaya haz\u0131rlan\u0131yor. \u0130zmir Fuar Merkezi\u2019ne kolay ula\u015f\u0131m imk\u00e2n\u0131 sunan merkezi konumuyla \u00f6ne \u00e7\u0131kan Ibis \u0130zmir Alsancak, fuar kat\u0131l\u0131mc\u0131lar\u0131na ve ziyaret\u00e7ilerine konforlu ve pratik bir konaklama deneyimi sunuyor","og_url":"https:\/\/www.ibisizmir.com\/tr\/mermer-fuari\/","og_site_name":"Ibis Izmir Alsancak","article_modified_time":"2026-03-12T11:54:57+00:00","og_image":[{"width":2200,"height":1200,"url":"https:\/\/www.ibisizmir.com\/wp-content\/uploads\/sites\/61\/2023\/09\/ibis_izmir_home_slide02.jpg","type":"image\/jpeg"}],"twitter_card":"summary_large_image","twitter_misc":{"Tahmini okuma s\u00fcresi":"2 dakika"},"schema":{"@context":"https:\/\/schema.org","@graph":[{"@type":"WebPage","@id":"https:\/\/www.ibisizmir.com\/tr\/mermer-fuari\/","url":"https:\/\/www.ibisizmir.com\/tr\/mermer-fuari\/","name":"Mermer Fuar\u0131 &#8211; Ibis Izmir Alsancak &#8211;","isPartOf":{"@id":"https:\/\/www.ibisizmir.com\/#website"},"datePublished":"2025-04-09T07:14:16+00:00","dateModified":"2026-03-12T11:54:57+00:00","description":"Mermer Fuar\u0131 Ziyaret\u00e7ilerine \u00d6zel: ALL \u00dcyelerine %5 \u0130ndirim F\u0131rsat\u0131! 14-17 Nisan 2026 tarihleri aras\u0131nda \u0130zmir\u2019de ger\u00e7ekle\u015fecek Marble \u2013 Uluslararas\u0131 Do\u011falta\u015f ve Teknolojileri Fuar\u0131\u2019na kat\u0131lmay\u0131 m\u0131 planl\u0131yorsunuz? Konaklaman\u0131z\u0131 Ibis \u0130zmir Alsancak\u2019ta yaparak hem konforu hem de avantajlar\u0131 bir arada ya\u015fayabilirsiniz! Accor\u2019un sadakat program\u0131 olan ALL \u2013 Accor Live Limitless \u00fcyelerine \u00f6zel %5 indirim f\u0131rsat\u0131 ile hem tasarruf edin hem de \u0130zmir\u2019in merkezinde rahat bir konaklaman\u0131n keyfini \u00e7\u0131kar\u0131n. ALL \u00fcyesi de\u011filseniz, \u00fccretsiz \u00fcye olarak bu ayr\u0131cal\u0131ktan hemen yararlanabilirsiniz.\ud83d\udc49 all.com \u00fczerinden kolayca \u00fcye olun, en iyi fiyat garantisiyle rezervasyonunuzu yap\u0131n. Avantajl\u0131 ALL \u00fcyesi fiyatlar\u0131yla: \u2022 Ibis kalitesini daha uygun fiyata deneyimleyin \u2022 Fuar merkezine kolay eri\u015fim sa\u011flay\u0131n \u2022 Puan kazan\u0131n ve bir sonraki seyahatinizde kullan\u0131n Mermer Fuar\u0131 2026\u2019da \u0130zmir'de Konaklaman\u0131n En Konforlu Adresi: Ibis \u0130zmir Alsancak T\u00fcrkiye\u2019nin ve d\u00fcnyan\u0131n en \u00f6nemli do\u011fal ta\u015f fuarlar\u0131ndan biri olan Marble \u0130zmir \u2013 Uluslararas\u0131 Do\u011falta\u015f ve Teknolojileri Fuar\u0131, 2025 y\u0131l\u0131nda da sekt\u00f6r profesyonellerini \u0130zmir\u2019de bulu\u015fturuyor. 9-12 Nisan 2025 tarihleri aras\u0131nda Fuar \u0130zmir'de ger\u00e7ekle\u015fecek fuar, binlerce yerli ve yabanc\u0131 ziyaret\u00e7iye ev sahipli\u011fi yapmaya haz\u0131rlan\u0131yor. \u0130zmir Fuar Merkezi\u2019ne kolay ula\u015f\u0131m imk\u00e2n\u0131 sunan merkezi konumuyla \u00f6ne \u00e7\u0131kan Ibis \u0130zmir Alsancak, fuar kat\u0131l\u0131mc\u0131lar\u0131na ve ziyaret\u00e7ilerine konforlu ve pratik bir konaklama deneyimi sunuyor","breadcrumb":{"@id":"https:\/\/www.ibisizmir.com\/tr\/mermer-fuari\/#breadcrumb"},"inLanguage":"tr","potentialAction":[{"@type":"ReadAction","target":["https:\/\/www.ibisizmir.com\/tr\/mermer-fuari\/"]}]},{"@type":"BreadcrumbList","@id":"https:\/\/www.ibisizmir.com\/tr\/mermer-fuari\/#breadcrumb","itemListElement":[{"@type":"ListItem","position":1,"name":"Home","item":"https:\/\/www.ibisizmir.com\/tr\/"},{"@type":"ListItem","position":2,"name":"Mermer Fuar\u0131"}]},{"@type":"WebSite","@id":"https:\/\/www.ibisizmir.com\/#website","url":"https:\/\/www.ibisizmir.com\/","name":"Ibis Izmir Alsancak","description":"","potentialAction":[{"@type":"SearchAction","target":{"@type":"EntryPoint","urlTemplate":"https:\/\/www.ibisizmir.com\/?s={search_term_string}"},"query-input":{"@type":"PropertyValueSpecification","valueRequired":true,"valueName":"search_term_string"}}],"inLanguage":"tr"}]}},"_links":{"self":[{"href":"https:\/\/www.ibisizmir.com\/tr\/wp-json\/wp\/v2\/pages\/319","targetHints":{"allow":["GET"]}}],"collection":[{"href":"https:\/\/www.ibisizmir.com\/tr\/wp-json\/wp\/v2\/pages"}],"about":[{"href":"https:\/\/www.ibisizmir.com\/tr\/wp-json\/wp\/v2\/types\/page"}],"author":[{"embeddable":true,"href":"https:\/\/www.ibisizmir.com\/tr\/wp-json\/wp\/v2\/users\/95"}],"replies":[{"embeddable":true,"href":"https:\/\/www.ibisizmir.com\/tr\/wp-json\/wp\/v2\/comments?post=319"}],"version-history":[{"count":1,"href":"https:\/\/www.ibisizmir.com\/tr\/wp-json\/wp\/v2\/pages\/319\/revisions"}],"predecessor-version":[{"id":370,"href":"https:\/\/www.ibisizmir.com\/tr\/wp-json\/wp\/v2\/pages\/319\/revisions\/370"}],"wp:attachment":[{"href":"https:\/\/www.ibisizmir.com\/tr\/wp-json\/wp\/v2\/media?parent=319"}],"wp:term":[{"taxonomy":"category","embeddable":true,"href":"https:\/\/www.ibisizmir.com\/tr\/wp-json\/wp\/v2\/categories?post=319"}],"curies":[{"name":"wp","href":"https:\/\/api.w.org\/{rel}","templated":true}]}}